{"id":10837,"date":"2024-05-23T23:16:20","date_gmt":"2024-05-24T04:16:20","guid":{"rendered":"https:\/\/utelvt.edu.ec\/admision\/?page_id=10837"},"modified":"2024-06-22T18:40:57","modified_gmt":"2024-06-22T23:40:57","slug":"facsos","status":"publish","type":"page","link":"https:\/\/utelvt.edu.ec\/admision\/facsos\/","title":{"rendered":"FACSOS"},"content":{"rendered":"<p>[et_pb_section fb_built=\u00bb1&#8243; custom_padding_last_edited=\u00bboff|desktop\u00bb admin_label=\u00bbHero\u00bb _builder_version=\u00bb4.16&#8243; background_color=\u00bb#f8f7fc\u00bb background_color_gradient_direction=\u00bb60deg\u00bb custom_padding=\u00bb100px|0px|22px|||\u00bb global_colors_info=\u00bb{}\u00bb][et_pb_row _builder_version=\u00bb4.16&#8243; custom_padding=\u00bb|||\u00bb global_colors_info=\u00bb{}\u00bb][et_pb_column type=\u00bb4_4&#8243; _builder_version=\u00bb4.16&#8243; custom_padding=\u00bb|||\u00bb global_colors_info=\u00bb{}\u00bb custom_padding__hover=\u00bb|||\u00bb][et_pb_text _builder_version=\u00bb4.25.1&#8243; text_font=\u00bbRoboto|600|||||||\u00bb text_font_size=\u00bb16px\u00bb text_line_height=\u00bb1.8em\u00bb header_font=\u00bbRoboto||||||||\u00bb header_2_font=\u00bbPoppins||||||||\u00bb header_2_font_size=\u00bb36px\u00bb header_2_line_height=\u00bb1.4em\u00bb text_orientation=\u00bbcenter\u00bb max_width=\u00bb700px\u00bb module_alignment=\u00bbcenter\u00bb global_colors_info=\u00bb{}\u00bb]<\/p>\n<h2><strong>FACSOS<\/strong><\/h2>\n<p>Facultad de Ciencias Sociales y de Servicios<\/p>\n<p>[\/et_pb_text][\/et_pb_column][\/et_pb_row][et_pb_row column_structure=\u00bb1_2,1_2&#8243; _builder_version=\u00bb4.16&#8243; custom_padding=\u00bb|||\u00bb global_colors_info=\u00bb{}\u00bb][et_pb_column type=\u00bb1_2&#8243; _builder_version=\u00bb4.16&#8243; custom_padding=\u00bb|||\u00bb global_colors_info=\u00bb{}\u00bb custom_padding__hover=\u00bb|||\u00bb][et_pb_accordion _builder_version=\u00bb4.25.2&#8243; _module_preset=\u00bbdefault\u00bb toggle_font=\u00bbRoboto||||||||\u00bb body_font=\u00bbRoboto||||||||\u00bb border_radii=\u00bbon|20px|20px|20px|20px\u00bb global_colors_info=\u00bb{}\u00bb][et_pb_accordion_item title=\u00bbMisi\u00f3n\u00bb open=\u00bbon\u00bb _builder_version=\u00bb4.25.1&#8243; _module_preset=\u00bbdefault\u00bb global_colors_info=\u00bb{}\u00bb]<\/p>\n<p><span lang=\"ES-EC\">El proveer espacios de capacitaci\u00f3n, reflexi\u00f3n, investigaci\u00f3n y pr\u00e1cticas acad\u00e9micas, que nos posibiliten como individuos y comunidad, entender y fortalecer las relaciones personales y grupales de la sociedad, tanto en el entorno social, laboral, familiar, legal y de servicios de nuestra sociedad<\/span><span lang=\"ES-EC\">.<\/span><\/p>\n<p>[\/et_pb_accordion_item][\/et_pb_accordion][\/et_pb_column][et_pb_column type=\u00bb1_2&#8243; _builder_version=\u00bb4.16&#8243; custom_padding=\u00bb|||\u00bb global_colors_info=\u00bb{}\u00bb custom_padding__hover=\u00bb|||\u00bb][et_pb_accordion _builder_version=\u00bb4.25.2&#8243; _module_preset=\u00bbdefault\u00bb toggle_font=\u00bbRoboto||||||||\u00bb body_font=\u00bbRoboto||||||||\u00bb border_radii=\u00bbon|20px|20px|20px|20px\u00bb global_colors_info=\u00bb{}\u00bb][et_pb_accordion_item title=\u00bbVisi\u00f3n\u00bb open=\u00bbon\u00bb _builder_version=\u00bb4.25.1&#8243; _module_preset=\u00bbdefault\u00bb global_colors_info=\u00bb{}\u00bb]<\/p>\n<p><span>Se pretende formar profesionales \u00edntegros en comportamientos \u00e9ticos y profesionales que generen reflexi\u00f3n, desde la perspectiva de la historia, an\u00e1lisis, comprensi\u00f3n e interpretaci\u00f3n sobre m\u00faltiples desaf\u00edos, por medio de la lectura cr\u00edtica-propositiva de la realidad en las diferentes dimensiones del desarrollo.<\/span><\/p>\n<p>[\/et_pb_accordion_item][\/et_pb_accordion][\/et_pb_column][\/et_pb_row][\/et_pb_section][et_pb_section fb_built=\u00bb1&#8243; admin_label=\u00bbContact form field\u00bb _builder_version=\u00bb4.16&#8243; background_color=\u00bb#f8f7fc\u00bb custom_margin=\u00bb-3px|||||\u00bb custom_padding=\u00bb1px||100px|||\u00bb global_colors_info=\u00bb{}\u00bb][et_pb_row _builder_version=\u00bb4.25.1&#8243; _module_preset=\u00bbdefault\u00bb global_colors_info=\u00bb{}\u00bb][et_pb_column type=\u00bb4_4&#8243; _builder_version=\u00bb4.25.1&#8243; _module_preset=\u00bbdefault\u00bb global_colors_info=\u00bb{}\u00bb][et_pb_text _builder_version=\u00bb4.25.1&#8243; text_font=\u00bbRoboto|600|||||||\u00bb text_font_size=\u00bb16px\u00bb text_line_height=\u00bb1.8em\u00bb header_font=\u00bbRoboto||||||||\u00bb header_2_font=\u00bbPoppins||||||||\u00bb header_2_font_size=\u00bb36px\u00bb header_2_line_height=\u00bb1.4em\u00bb text_orientation=\u00bbcenter\u00bb max_width=\u00bb700px\u00bb module_alignment=\u00bbcenter\u00bb global_colors_info=\u00bb{}\u00bb]<\/p>\n<h2><strong>Nuestras Carreras<\/strong><\/h2>\n<p>[\/et_pb_text][dsm_image_accordion _builder_version=\u00bb4.25.2&#8243; _module_preset=\u00bbdefault\u00bb hover_enabled=\u00bb0&#8243; global_colors_info=\u00bb{}\u00bb sticky_enabled=\u00bb0&#8243;][dsm_image_accordion_child image_accordion_src=\u00bbhttps:\/\/blogger.googleusercontent.com\/img\/b\/R29vZ2xl\/AVvXsEhwv5IYv-9Wo-nhjT_iOFuuek-TtpSrj9qmajUxi40dYCIJX5wJbvQBlVewt-lmN8l7cc1FgxIpqExP8dMPFhLbOAV_MSJtfdtVxMcPI7xdA44FH6Hy34Hzvx1_ccr8jmfEpHtZWeTfamgGqJaf6EGoDw8xVpM2rCDD3ALhSxLWzVGFP5VB6Nrmwe1zv7kl\/s1800\/Turismo.jpg\u00bb image_accordion_title=\u00bbTURISMO\u00bb show_ia_button=\u00bbon\u00bb ia_button_text=\u00bbVer m\u00e1s\u00bb ia_button_link=\u00bbhttps:\/\/www.utelvt.edu.ec\/site\/facultades\/ciencias-sociales-y-de-servicios\/turismo\/\u00bb ia_button_link_target=\u00bb1&#8243; overlay_color=\u00bbRGBA(255,255,255,0)\u00bb _builder_version=\u00bb4.25.2&#8243; _module_preset=\u00bbdefault\u00bb title_font=\u00bb&#8211;et_global_body_font|900|||||||\u00bb custom_button=\u00bbon\u00bb button_text_color=\u00bb#FFFFFF\u00bb button_bg_color=\u00bb#009029&#8243; button_border_width=\u00bb0px\u00bb button_border_radius=\u00bb100px\u00bb button_icon=\u00bb&#xf054;||fa||900&#8243; button_on_hover=\u00bbon\u00bb button_alignment=\u00bbcenter\u00bb hover_enabled=\u00bb0&#8243; global_colors_info=\u00bb{}\u00bb button_bg_color__hover_enabled=\u00bbon|hover\u00bb button_bg_color__hover=\u00bb#ff0000&#8243; button_bg_enable_color__hover=\u00bbon\u00bb overlay_color__hover_enabled=\u00bbon|hover\u00bb overlay_color__hover=\u00bbrgba(0,0,0,0.7)\u00bb sticky_enabled=\u00bb0&#8243;][\/dsm_image_accordion_child][dsm_image_accordion_child image_accordion_src=\u00bbhttps:\/\/blogger.googleusercontent.com\/img\/b\/R29vZ2xl\/AVvXsEieWSEyg_IK6nShfFmW2o99J1yDwhAr0OZ9a0pFak5bgi9zZJYh5E3TCfGkMrtdmwiLYUAs2wbjuKaGJyJbrd9rQpmK6ryOe7QeRi24PGEtPegi9yb4m3g66fqYKxh8sA8GlK-sWHGBDpGIcIG1JdKeS58g32HF3xhmoOMPSzAag2RD3gldxw2OkjR_ya_i\/s1800\/Sociolog%C3%ADa.jpg\u00bb image_accordion_title=\u00bbSOCIOLOG\u00cdA\u00bb show_ia_button=\u00bbon\u00bb ia_button_text=\u00bbVer m\u00e1s\u00bb ia_button_link=\u00bbhttps:\/\/www.utelvt.edu.ec\/site\/facultades\/ciencias-sociales-y-de-servicios\/sociologia\/\u00bb ia_button_link_target=\u00bb1&#8243; _builder_version=\u00bb4.25.2&#8243; _module_preset=\u00bbdefault\u00bb title_font=\u00bb&#8211;et_global_body_font|900|||||||\u00bb custom_button=\u00bbon\u00bb button_text_color=\u00bb#FFFFFF\u00bb button_bg_color=\u00bb#009029&#8243; button_border_width=\u00bb0px\u00bb button_border_radius=\u00bb100px\u00bb button_icon=\u00bb&#xf054;||fa||900&#8243; button_on_hover=\u00bbon\u00bb button_alignment=\u00bbcenter\u00bb hover_enabled=\u00bb0&#8243; global_colors_info=\u00bb{}\u00bb button_bg_color__hover_enabled=\u00bbon|hover\u00bb button_bg_color__hover=\u00bb#ff0000&#8243; button_bg_enable_color__hover=\u00bbon\u00bb overlay_color__hover_enabled=\u00bbon|hover\u00bb overlay_color__hover=\u00bbrgba(0,0,0,0.7)\u00bb sticky_enabled=\u00bb0&#8243;][\/dsm_image_accordion_child][dsm_image_accordion_child image_accordion_src=\u00bbhttps:\/\/blogger.googleusercontent.com\/img\/b\/R29vZ2xl\/AVvXsEgs6EPJHTcxgaKihYt2do4c7iR_XbZ0UtJc7qkedQ88oKzezzpl2-9bpMCVpwFuRjG5DtcSBulgItnGkFJqt93PqOVww8ZqAGvrmu9w4ZMxYU4aBpJLM0Gl93NaJKSQewjCIIVZYGYg3lCJJDYeNCFEqlQ_WyeGwG6ZMtnjcLv0TIOqsSghYKHn4hKJJZiu\/s1800\/Trabajo%20Social.jpg\u00bb image_accordion_title=\u00bbTRABAJO SOCIAL\u00bb show_ia_button=\u00bbon\u00bb ia_button_text=\u00bbVer m\u00e1s\u00bb ia_button_link=\u00bbhttps:\/\/www.utelvt.edu.ec\/site\/facultades\/ciencias-sociales-y-de-servicios\/trabajo-social\/\u00bb ia_button_link_target=\u00bb1&#8243; _builder_version=\u00bb4.25.2&#8243; _module_preset=\u00bbdefault\u00bb title_font=\u00bb&#8211;et_global_body_font|900|||||||\u00bb custom_button=\u00bbon\u00bb button_text_color=\u00bb#FFFFFF\u00bb button_bg_color=\u00bb#009029&#8243; button_border_width=\u00bb0px\u00bb button_border_radius=\u00bb100px\u00bb button_icon=\u00bb&#xf054;||fa||900&#8243; button_on_hover=\u00bbon\u00bb button_alignment=\u00bbcenter\u00bb hover_enabled=\u00bb0&#8243; global_colors_info=\u00bb{}\u00bb button_bg_color__hover_enabled=\u00bbon|hover\u00bb button_bg_color__hover=\u00bb#ff0000&#8243; button_bg_enable_color__hover=\u00bbon\u00bb overlay_color__hover_enabled=\u00bbon|hover\u00bb overlay_color__hover=\u00bbrgba(0,0,0,0.7)\u00bb sticky_enabled=\u00bb0&#8243;][\/dsm_image_accordion_child][\/dsm_image_accordion][\/et_pb_column][\/et_pb_row][\/et_pb_section]<\/p>\n","protected":false},"excerpt":{"rendered":"<p>FACSOS Facultad de Ciencias Sociales y de ServiciosEl proveer espacios de capacitaci\u00f3n, reflexi\u00f3n, investigaci\u00f3n y pr\u00e1cticas acad\u00e9micas, que nos posibiliten como individuos y comunidad, entender y fortalecer las relaciones personales y grupales de la sociedad, tanto en el entorno social, laboral, familiar, legal y de servicios de nuestra sociedad.Se pretende formar profesionales \u00edntegros en comportamientos [&hellip;]<\/p>\n","protected":false},"author":9,"featured_media":0,"parent":0,"menu_order":0,"comment_status":"closed","ping_status":"closed","template":"","meta":{"_et_pb_use_builder":"on","_et_pb_old_content":"","_et_gb_content_width":"","footnotes":""},"class_list":["post-10837","page","type-page","status-publish","hentry"],"_links":{"self":[{"href":"https:\/\/utelvt.edu.ec\/admision\/wp-json\/wp\/v2\/pages\/10837","targetHints":{"allow":["GET"]}}],"collection":[{"href":"https:\/\/utelvt.edu.ec\/admision\/wp-json\/wp\/v2\/pages"}],"about":[{"href":"https:\/\/utelvt.edu.ec\/admision\/wp-json\/wp\/v2\/types\/page"}],"author":[{"embeddable":true,"href":"https:\/\/utelvt.edu.ec\/admision\/wp-json\/wp\/v2\/users\/9"}],"replies":[{"embeddable":true,"href":"https:\/\/utelvt.edu.ec\/admision\/wp-json\/wp\/v2\/comments?post=10837"}],"version-history":[{"count":2,"href":"https:\/\/utelvt.edu.ec\/admision\/wp-json\/wp\/v2\/pages\/10837\/revisions"}],"predecessor-version":[{"id":235355,"href":"https:\/\/utelvt.edu.ec\/admision\/wp-json\/wp\/v2\/pages\/10837\/revisions\/235355"}],"wp:attachment":[{"href":"https:\/\/utelvt.edu.ec\/admision\/wp-json\/wp\/v2\/media?parent=10837"}],"curies":[{"name":"wp","href":"https:\/\/api.w.org\/{rel}","templated":true}]}}