{"id":10834,"date":"2024-05-23T23:16:20","date_gmt":"2024-05-24T04:16:20","guid":{"rendered":"https:\/\/utelvt.edu.ec\/admision\/?page_id=10834"},"modified":"2024-06-22T19:25:09","modified_gmt":"2024-06-23T00:25:09","slug":"faci","status":"publish","type":"page","link":"https:\/\/utelvt.edu.ec\/admision\/faci\/","title":{"rendered":"FACI"},"content":{"rendered":"<p>[et_pb_section fb_built=\u00bb1&#8243; custom_padding_last_edited=\u00bboff|desktop\u00bb admin_label=\u00bbHero\u00bb _builder_version=\u00bb4.16&#8243; background_color=\u00bb#f8f7fc\u00bb background_color_gradient_direction=\u00bb60deg\u00bb custom_padding=\u00bb100px|0px|22px|||\u00bb global_colors_info=\u00bb{}\u00bb][et_pb_row _builder_version=\u00bb4.16&#8243; custom_padding=\u00bb|||\u00bb global_colors_info=\u00bb{}\u00bb][et_pb_column type=\u00bb4_4&#8243; _builder_version=\u00bb4.16&#8243; custom_padding=\u00bb|||\u00bb global_colors_info=\u00bb{}\u00bb custom_padding__hover=\u00bb|||\u00bb][et_pb_text _builder_version=\u00bb4.25.1&#8243; text_font=\u00bbRoboto|600|||||||\u00bb text_font_size=\u00bb16px\u00bb text_line_height=\u00bb1.8em\u00bb header_font=\u00bbRoboto||||||||\u00bb header_2_font=\u00bbPoppins||||||||\u00bb header_2_font_size=\u00bb36px\u00bb header_2_line_height=\u00bb1.4em\u00bb text_orientation=\u00bbcenter\u00bb max_width=\u00bb700px\u00bb module_alignment=\u00bbcenter\u00bb global_colors_info=\u00bb{}\u00bb]<\/p>\n<h2><strong>FACI<\/strong><\/h2>\n<p>Facultad de Ingenier\u00edas<\/p>\n<p>[\/et_pb_text][\/et_pb_column][\/et_pb_row][et_pb_row column_structure=\u00bb1_2,1_2&#8243; _builder_version=\u00bb4.16&#8243; custom_padding=\u00bb|||\u00bb global_colors_info=\u00bb{}\u00bb][et_pb_column type=\u00bb1_2&#8243; _builder_version=\u00bb4.16&#8243; custom_padding=\u00bb|||\u00bb global_colors_info=\u00bb{}\u00bb custom_padding__hover=\u00bb|||\u00bb][et_pb_accordion _builder_version=\u00bb4.25.2&#8243; _module_preset=\u00bbdefault\u00bb toggle_font=\u00bbRoboto||||||||\u00bb body_font=\u00bbRoboto||||||||\u00bb border_radii=\u00bbon|20px|20px|20px|20px\u00bb global_colors_info=\u00bb{}\u00bb][et_pb_accordion_item title=\u00bbMisi\u00f3n\u00bb open=\u00bbon\u00bb _builder_version=\u00bb4.25.1&#8243; _module_preset=\u00bbdefault\u00bb global_colors_info=\u00bb{}\u00bb]<\/p>\n<p><span>Combinar la formaci\u00f3n de l\u00edderes de alto desempe\u00f1o t\u00e9cnico, la ejecuci\u00f3n de proyectos de investigaci\u00f3n y la prestaci\u00f3n de servicios, en una gesti\u00f3n orientada al desarrollo de procesos y tecnolog\u00edas que satisfagan las necesidades del contexto socio-econ\u00f3mico de la provincia y del pa\u00eds y sus proyecciones futuras, en t\u00e9rminos de producci\u00f3n, calidad y productividad.<\/span><\/p>\n<p>[\/et_pb_accordion_item][\/et_pb_accordion][\/et_pb_column][et_pb_column type=\u00bb1_2&#8243; _builder_version=\u00bb4.16&#8243; custom_padding=\u00bb|||\u00bb global_colors_info=\u00bb{}\u00bb custom_padding__hover=\u00bb|||\u00bb][et_pb_accordion _builder_version=\u00bb4.25.2&#8243; _module_preset=\u00bbdefault\u00bb toggle_font=\u00bbRoboto||||||||\u00bb body_font=\u00bbRoboto||||||||\u00bb border_radii=\u00bbon|20px|20px|20px|20px\u00bb global_colors_info=\u00bb{}\u00bb][et_pb_accordion_item title=\u00bbVisi\u00f3n\u00bb open=\u00bbon\u00bb _builder_version=\u00bb4.25.1&#8243; _module_preset=\u00bbdefault\u00bb global_colors_info=\u00bb{}\u00bb]<\/p>\n<p><span>Satisfacer las expectativas de la comunidad mediante la formaci\u00f3n de profesionales, la investigaci\u00f3n aplicada y la prestaci\u00f3n de servicios, que transformen los procesos tecnol\u00f3gicos de la provincia y del pa\u00eds, comprometida con la conversi\u00f3n del medio ambiente y pionera del cambio hacia una cultura de calidad.<\/span><\/p>\n<p>[\/et_pb_accordion_item][\/et_pb_accordion][\/et_pb_column][\/et_pb_row][\/et_pb_section][et_pb_section fb_built=\u00bb1&#8243; admin_label=\u00bbContact form field\u00bb _builder_version=\u00bb4.16&#8243; background_color=\u00bb#f8f7fc\u00bb custom_margin=\u00bb-3px|||||\u00bb custom_padding=\u00bb1px||100px|||\u00bb global_colors_info=\u00bb{}\u00bb][et_pb_row _builder_version=\u00bb4.25.1&#8243; _module_preset=\u00bbdefault\u00bb global_colors_info=\u00bb{}\u00bb][et_pb_column type=\u00bb4_4&#8243; _builder_version=\u00bb4.25.1&#8243; _module_preset=\u00bbdefault\u00bb global_colors_info=\u00bb{}\u00bb][et_pb_text _builder_version=\u00bb4.25.1&#8243; text_font=\u00bbRoboto|600|||||||\u00bb text_font_size=\u00bb16px\u00bb text_line_height=\u00bb1.8em\u00bb header_font=\u00bbRoboto||||||||\u00bb header_2_font=\u00bbPoppins||||||||\u00bb header_2_font_size=\u00bb36px\u00bb header_2_line_height=\u00bb1.4em\u00bb text_orientation=\u00bbcenter\u00bb max_width=\u00bb700px\u00bb module_alignment=\u00bbcenter\u00bb global_colors_info=\u00bb{}\u00bb]<\/p>\n<h2><strong>Nuestras Carreras<\/strong><\/h2>\n<p>[\/et_pb_text][dsm_image_accordion _builder_version=\u00bb4.25.2&#8243; _module_preset=\u00bbdefault\u00bb hover_enabled=\u00bb0&#8243; global_colors_info=\u00bb{}\u00bb sticky_enabled=\u00bb0&#8243;][dsm_image_accordion_child image_accordion_src=\u00bbhttps:\/\/blogger.googleusercontent.com\/img\/b\/R29vZ2xl\/AVvXsEiaqQfAoizKOAEJ1ukrjXGGY-oOIAtL4HE4okdjTr5-33ON9Syn4ryRA-62DP5lWbimgq_HRgl-UyKZ9XksjMkuW9YiD8Qt4YG-6G36ar67K4KmxRa1LtQG7GPZjfTdw3xEQ3glBw-TyAZ1uizPfsyPSx4v7Sfp8n0GBNOS3cDfLDHiMpeF6HAlte4wKTiG\/s1800\/Electricidad.jpg\u00bb image_accordion_title=\u00bbELECTRICIDAD\u00bb show_ia_button=\u00bbon\u00bb ia_button_text=\u00bbVer m\u00e1s\u00bb ia_button_link=\u00bbhttps:\/\/www.utelvt.edu.ec\/site\/facultades\/facultad-de-ingenierias\/ingenieria-electrica\/\u00bb ia_button_link_target=\u00bb1&#8243; overlay_color=\u00bbRGBA(255,255,255,0)\u00bb _builder_version=\u00bb4.25.2&#8243; _module_preset=\u00bbdefault\u00bb title_font=\u00bb&#8211;et_global_body_font|900|||||||\u00bb custom_button=\u00bbon\u00bb button_text_color=\u00bb#FFFFFF\u00bb button_bg_color=\u00bb#009029&#8243; button_border_width=\u00bb0px\u00bb button_border_radius=\u00bb100px\u00bb button_icon=\u00bb&#xf054;||fa||900&#8243; button_on_hover=\u00bbon\u00bb button_alignment=\u00bbcenter\u00bb hover_enabled=\u00bb0&#8243; global_colors_info=\u00bb{}\u00bb button_bg_color__hover_enabled=\u00bbon|hover\u00bb button_bg_color__hover=\u00bb#ff0000&#8243; button_bg_enable_color__hover=\u00bbon\u00bb overlay_color__hover_enabled=\u00bbon|hover\u00bb overlay_color__hover=\u00bbrgba(0,0,0,0.7)\u00bb sticky_enabled=\u00bb0&#8243;][\/dsm_image_accordion_child][dsm_image_accordion_child image_accordion_src=\u00bbhttps:\/\/blogger.googleusercontent.com\/img\/b\/R29vZ2xl\/AVvXsEhS8OpRMefHD5bI0ACy6ita0azWdAmvNZSPUVv4rWdgEQ6zkDP9DjFj1Dm0740y2zU3IbJTCzrUX7Ym1pcH1lYImntLuLmLcHy-n1wBAya4dfkinKeHFCf1pD3FFuM7PaQJhzIEbqdpPfYhyGxNeoIUqjSRhby2LBfpH3Oz0Czj2ApLuAsZjW2ITrxv4QvO\/s1800\/Mec%C3%A1nica.jpg\u00bb image_accordion_title=\u00bbMEC\u00c1NICA\u00bb show_ia_button=\u00bbon\u00bb ia_button_text=\u00bbVer m\u00e1s\u00bb ia_button_link=\u00bbhttps:\/\/www.utelvt.edu.ec\/site\/facultades\/facultad-de-ingenierias\/ingenieria-mecanica\/\u00bb ia_button_link_target=\u00bb1&#8243; _builder_version=\u00bb4.25.2&#8243; _module_preset=\u00bbdefault\u00bb title_font=\u00bb&#8211;et_global_body_font|900|||||||\u00bb custom_button=\u00bbon\u00bb button_text_color=\u00bb#FFFFFF\u00bb button_bg_color=\u00bb#009029&#8243; button_border_width=\u00bb0px\u00bb button_border_radius=\u00bb100px\u00bb button_icon=\u00bb&#xf054;||fa||900&#8243; button_on_hover=\u00bbon\u00bb button_alignment=\u00bbcenter\u00bb hover_enabled=\u00bb0&#8243; global_colors_info=\u00bb{}\u00bb button_bg_color__hover_enabled=\u00bbon|hover\u00bb button_bg_color__hover=\u00bb#ff0000&#8243; button_bg_enable_color__hover=\u00bbon\u00bb overlay_color__hover_enabled=\u00bbon|hover\u00bb overlay_color__hover=\u00bbrgba(0,0,0,0.7)\u00bb sticky_enabled=\u00bb0&#8243;][\/dsm_image_accordion_child][dsm_image_accordion_child image_accordion_src=\u00bbhttps:\/\/blogger.googleusercontent.com\/img\/b\/R29vZ2xl\/AVvXsEhph8Gd22sTO9BMalpoDWQJ6reVCxCu7UDVVFNXFZvM69fntxaBPrfmo5sc2l9sEAE-pv1aVUCulke4lhLu6CZ36P0XMPb98NbtaUCb7AC4u7yyDuL8f1cs3gGoo5MwVDfrtPtLkmQDBVcBDNfZhq2RRA6fuP4AMb3NrsvLP6PfkV7yNTAxF4Hdb-3Dg9vZ\/s1800\/Ing%20Qu%C3%ADmica%202.jpg\u00bb image_accordion_title=\u00bbINGENIER\u00cdA QU\u00cdMICA\u00bb show_ia_button=\u00bbon\u00bb ia_button_text=\u00bbVer m\u00e1s\u00bb ia_button_link=\u00bbhttps:\/\/www.utelvt.edu.ec\/site\/facultades\/facultad-de-ingenierias\/ingenieria-quimica\/\u00bb ia_button_link_target=\u00bb1&#8243; _builder_version=\u00bb4.25.2&#8243; _module_preset=\u00bbdefault\u00bb title_font=\u00bb&#8211;et_global_body_font|900|||||||\u00bb custom_button=\u00bbon\u00bb button_text_color=\u00bb#FFFFFF\u00bb button_bg_color=\u00bb#009029&#8243; button_border_width=\u00bb0px\u00bb button_border_radius=\u00bb100px\u00bb button_icon=\u00bb&#xf054;||fa||900&#8243; button_on_hover=\u00bbon\u00bb button_alignment=\u00bbcenter\u00bb hover_enabled=\u00bb0&#8243; global_colors_info=\u00bb{}\u00bb button_bg_color__hover_enabled=\u00bbon|hover\u00bb button_bg_color__hover=\u00bb#ff0000&#8243; button_bg_enable_color__hover=\u00bbon\u00bb overlay_color__hover_enabled=\u00bbon|hover\u00bb overlay_color__hover=\u00bbrgba(0,0,0,0.7)\u00bb sticky_enabled=\u00bb0&#8243;][\/dsm_image_accordion_child][dsm_image_accordion_child image_accordion_src=\u00bbhttps:\/\/blogger.googleusercontent.com\/img\/b\/R29vZ2xl\/AVvXsEicWHwbNtKheHJl-yg-AF1VEEcivQ6ZK9k2ZZD3jw4RagDQx68Nn2Q_HV3bYR7gNVRXs5JrxTnTvTLbanpFxUa531FeKVWNyLY7Fy7lQLA73aNsLI2ghpJAUI8jICtJsoidL2l5dTcJKkVxdLg5sFKzMLM-TYAQRcW6WQ81UlSxj0BPkMc2NGtN2czSoNeq\/s1800\/Sistemas.jpg\u00bb image_accordion_title=\u00bbTECNOLOG\u00cdAS DE LA INFORMACI\u00d3N\u00bb show_ia_button=\u00bbon\u00bb ia_button_text=\u00bbVer m\u00e1s\u00bb ia_button_link=\u00bbhttps:\/\/www.utelvt.edu.ec\/site\/facultades\/facultad-de-ingenierias\/tecnologias-de-la-informacion\/\u00bb ia_button_link_target=\u00bb1&#8243; _builder_version=\u00bb4.25.2&#8243; _module_preset=\u00bbdefault\u00bb title_font=\u00bb&#8211;et_global_body_font|900|||||||\u00bb custom_button=\u00bbon\u00bb button_text_color=\u00bb#FFFFFF\u00bb button_bg_color=\u00bb#009029&#8243; button_border_width=\u00bb0px\u00bb button_border_radius=\u00bb100px\u00bb button_icon=\u00bb&#xf054;||fa||900&#8243; button_on_hover=\u00bbon\u00bb button_alignment=\u00bbcenter\u00bb hover_enabled=\u00bb0&#8243; global_colors_info=\u00bb{}\u00bb button_bg_color__hover_enabled=\u00bbon|hover\u00bb button_bg_color__hover=\u00bb#ff0000&#8243; button_bg_enable_color__hover=\u00bbon\u00bb overlay_color__hover_enabled=\u00bbon|hover\u00bb overlay_color__hover=\u00bbrgba(0,0,0,0.7)\u00bb sticky_enabled=\u00bb0&#8243;][\/dsm_image_accordion_child][\/dsm_image_accordion][\/et_pb_column][\/et_pb_row][\/et_pb_section]<\/p>\n","protected":false},"excerpt":{"rendered":"<p>FACI Facultad de Ingenier\u00edasCombinar la formaci\u00f3n de l\u00edderes de alto desempe\u00f1o t\u00e9cnico, la ejecuci\u00f3n de proyectos de investigaci\u00f3n y la prestaci\u00f3n de servicios, en una gesti\u00f3n orientada al desarrollo de procesos y tecnolog\u00edas que satisfagan las necesidades del contexto socio-econ\u00f3mico de la provincia y del pa\u00eds y sus proyecciones futuras, en t\u00e9rminos de producci\u00f3n, calidad [&hellip;]<\/p>\n","protected":false},"author":9,"featured_media":0,"parent":0,"menu_order":0,"comment_status":"closed","ping_status":"closed","template":"","meta":{"_et_pb_use_builder":"on","_et_pb_old_content":"","_et_gb_content_width":"","footnotes":""},"class_list":["post-10834","page","type-page","status-publish","hentry"],"_links":{"self":[{"href":"https:\/\/utelvt.edu.ec\/admision\/wp-json\/wp\/v2\/pages\/10834","targetHints":{"allow":["GET"]}}],"collection":[{"href":"https:\/\/utelvt.edu.ec\/admision\/wp-json\/wp\/v2\/pages"}],"about":[{"href":"https:\/\/utelvt.edu.ec\/admision\/wp-json\/wp\/v2\/types\/page"}],"author":[{"embeddable":true,"href":"https:\/\/utelvt.edu.ec\/admision\/wp-json\/wp\/v2\/users\/9"}],"replies":[{"embeddable":true,"href":"https:\/\/utelvt.edu.ec\/admision\/wp-json\/wp\/v2\/comments?post=10834"}],"version-history":[{"count":5,"href":"https:\/\/utelvt.edu.ec\/admision\/wp-json\/wp\/v2\/pages\/10834\/revisions"}],"predecessor-version":[{"id":235358,"href":"https:\/\/utelvt.edu.ec\/admision\/wp-json\/wp\/v2\/pages\/10834\/revisions\/235358"}],"wp:attachment":[{"href":"https:\/\/utelvt.edu.ec\/admision\/wp-json\/wp\/v2\/media?parent=10834"}],"curies":[{"name":"wp","href":"https:\/\/api.w.org\/{rel}","templated":true}]}}